			
			{"id":676,"date":"2022-04-11T22:35:36","date_gmt":"2022-04-11T20:35:36","guid":{"rendered":"https:\/\/www.mycasaestile.it\/?page_id=676"},"modified":"2022-04-11T22:36:05","modified_gmt":"2022-04-11T20:36:05","slug":"privacy-policy-2","status":"publish","type":"page","link":"https:\/\/www.mycasaestile.it\/en\/privacy-policy-2\/","title":{"rendered":"Privacy Policy"},"content":{"rendered":"<section class=\"elementor-element elementor-element-1f148592 elementor-section-boxed elementor-section-height-default elementor-section-height-default elementor-section elementor-top-section\" data-id=\"1f148592\" data-element_type=\"section\" data-settings=\"{&quot;background_background&quot;:&quot;classic&quot;}\">\n<div class=\"elementor-container elementor-column-gap-extended\">\n<div class=\"elementor-row\">\n<div class=\"elementor-element elementor-element-6a1ae999 sc_inner_width_none sc_layouts_column_icons_position_left elementor-column elementor-col-100 elementor-top-column\" data-id=\"6a1ae999\" data-element_type=\"column\">\n<div class=\"elementor-column-wrap elementor-element-populated\">\n<div class=\"elementor-widget-wrap\">\n<div class=\"elementor-element elementor-element-6c9f80c0 sc_fly_static elementor-widget elementor-widget-text-editor\" data-id=\"6c9f80c0\" data-element_type=\"widget\" data-widget_type=\"text-editor.default\">\n<div class=\"elementor-widget-container\">\n<div class=\"elementor-text-editor elementor-clearfix\">\n<h5>1. <span class=\"s1\">TITOLARE DEL TRATTAMENTO DEI DATI<\/span><\/h5>\n<p class=\"p2\"><span class=\"s1\"><b>Casa &amp; Stile | P.IVA: 02158700746 | Sede Legale \u2013 Corso Verdi , 58 Ceglie Messapica | Cod. Agente:838 <\/b><\/span><\/p>\n<p class=\"p3\"><span class=\"s1\">A seguito della consultazione di questo sito possono essere trattati dati relativi a persone fisiche e\/o giuridiche identificate o identificabili. <\/span><\/p>\n<\/div>\n<\/div>\n<\/div>\n<\/div>\n<\/div>\n<\/div>\n<\/div>\n<\/div>\n<\/section>\n<section class=\"elementor-element elementor-element-355858f6 elementor-section-boxed elementor-section-height-default elementor-section-height-default elementor-section elementor-top-section\" data-id=\"355858f6\" data-element_type=\"section\" data-settings=\"{&quot;background_background&quot;:&quot;classic&quot;}\">\n<div class=\"elementor-container elementor-column-gap-extended\">\n<div class=\"elementor-row\">\n<div class=\"elementor-element elementor-element-1ca826a7 sc_inner_width_none sc_layouts_column_icons_position_left elementor-column elementor-col-100 elementor-top-column\" data-id=\"1ca826a7\" data-element_type=\"column\">\n<div class=\"elementor-column-wrap elementor-element-populated\">\n<div class=\"elementor-widget-wrap\">\n<div class=\"elementor-element elementor-element-41895a50 sc_fly_static elementor-widget elementor-widget-text-editor\" data-id=\"41895a50\" data-element_type=\"widget\" data-widget_type=\"text-editor.default\">\n<div class=\"elementor-widget-container\">\n<div class=\"elementor-text-editor elementor-clearfix\">\n<h5>2. LUOGO DI TRATTAMENTO DEI DATI<\/h5>\n<p class=\"p1\"><span class=\"s1\">I trattamenti connessi ai servizi web di questo sito hanno luogo <\/span><span class=\"s2\">in via <\/span><span class=\"s3\">Corso Verdi , 58 Ceglie Messapica<\/span><span class=\"s1\"> e sono curati solo da personale incaricato del trattamento, oppure da eventuali incaricati di occasionali operazioni di manutenzione e segreteria. I dati rilasciati potranno essere comunicati a terzi in relazione a servizi svolti per il titolare del trattamento; tali soggetti saranno nominati in base all\u2019art. 28 del Reg. UE 2016\/679 responsabili del trattamento.<\/span><\/p>\n<h6>TIPOLOGIA DI DATI TRATTATI<\/h6>\n<p class=\"p1\"><span class=\"s1\"><b>Dati di navigazione<\/b>: I sistemi informatici e le procedure software preposte al funzionamento di questo sito web acquisiscono, nel corso del loro normale esercizio, alcuni dati personali la cui trasmissione \u00e8 implicita nell\u2019uso dei protocolli di comunicazione di Internet. Si tratta di informazioni che non sono raccolte per essere associate a interessati identificati, ma che per loro stessa natura potrebbero, attraverso elaborazioni ed associazioni con dati detenuti da terzi, permettere di identificare gli utenti. In questa categoria di dati rientrano gli indirizzi IP o i nomi a dominio dei computer utilizzati dagli utenti che si connettono al sito, gli indirizzi in notazione URI (Uniform Resource Identifier) delle risorse richieste, l\u2019orario della richiesta, il metodo utilizzato nel sottoporre la richiesta al server, la dimensione del file ottenuto in risposta, il codice numerico indicante lo stato della risposta data dal server (buon fine, errore, ecc.) ed altri parametri relativi al sistema operativo e all\u2019ambiente informatico dell\u2019utente. Questi dati vengono utilizzati al solo fine di ricavare informazioni statistiche anonime sull\u2019uso del sito e per controllarne il corretto funzionamento e vengono cancellati immediatamente dopo l\u2019elaborazione. I dati potrebbero essere utilizzati per l\u2019accertamento di responsabilit\u00e0 in caso di ipotetici reati informatici ai danni del sito.<\/span><\/p>\n<p class=\"p1\"><span class=\"s1\"><b>Dati forniti volontariamente dall\u2019utente<\/b>: <\/span><\/p>\n<p class=\"p1\"><span class=\"s1\">l\u2019invio facoltativo, esplicito e volontario di posta elettronica agli indirizzi indicati su questo sito comporta la successiva acquisizione dell\u2019indirizzo del mittente, necessario per rispondere alle richieste, nonch\u00e9 degli eventuali altri dati personali inseriti nella missiva o nel form di registrazione all\u2019area riservata. Specifiche informative saranno progressivamente riportate o visualizzate nelle pagine del sito predisposte per particolari servizi a richiesta<\/span><span class=\"s2\">.<\/span><\/p>\n<p class=\"p1\"><span class=\"s1\"><b>Cookies: <\/b><\/span><\/p>\n<p class=\"p1\"><span class=\"s1\">Questa sezione dei siti invia ai visitatori alcuni file comunemente noti come cookies. I cookies verranno utilizzati dal browser del computer, esclusivamente per memorizzare le informazioni di sessione dell\u2019utente del sito web. L\u2019uso dei cookies \u00e8 uno standard del settore e i browser li memorizzano in un\u2019apposita cartella. Qualora si preferisca non ricevere i cookies o si desideri esserne preventivamente informati, \u00e8 possibile impostare di conseguenza il proprio browser Web per la navigazione in internet. Si informa per\u00f2 che senza questa funzionalit\u00e0 attiva non \u00e8 possibile accedere correttamente alla sezione forum sui siti dell\u2019Azienda. <\/span><\/p>\n<h6>FACOLTATIVIT\u00c0 DEL CONFERIMENTO DEI DATI<\/h6>\n<p class=\"p1\"><span class=\"s1\">A parte quanto specificato per i dati di navigazione, l\u2019utente \u00e8 libero di fornire i dati personali riportati nei moduli di richiesta, registrazione area riservata o comunque indicati in contatti. Il loro mancato conferimento pu\u00f2 comportare l\u2019impossibilit\u00e0 di ottenere quanto richiesto. Sar\u00e0 esplicitato nelle informative specifiche quando \u00e8 richiesto il consenso dell\u2019interessato e lo stesso sar\u00e0 informato delle modalit\u00e0 con cui pu\u00f2 revocare un consenso precedentemente espresso.<\/span><\/p>\n<h6>MODALIT\u00c0 DEL TRATTAMENTO<\/h6>\n<p class=\"p1\"><span class=\"s1\">I dati personali sono trattati con strumenti informatici per il tempo strettamente necessario a conseguire gli scopi per cui sono stati raccolti, e vengono raffrontati con quelli eventualmente gi\u00e0 in possesso del titolare del trattamento per lo svolgimento di attivit\u00e0 o servizi. In caso di discordanza l\u2019incaricato potr\u00e0 contattare il mittente per verificare l\u2019integrit\u00e0 del dato o provvedere alla sua eventuale correzione. Specifiche misure di sicurezza sono osservate per prevenire la perdita dei dati, usi illeciti o non corretti ed accessi non autorizzati.<\/span><\/p>\n<\/div>\n<\/div>\n<\/div>\n<\/div>\n<\/div>\n<\/div>\n<\/div>\n<\/div>\n<\/section>\n<section class=\"elementor-element elementor-element-3b644494 elementor-section-boxed elementor-section-height-default elementor-section-height-default elementor-section elementor-top-section\" data-id=\"3b644494\" data-element_type=\"section\" data-settings=\"{&quot;background_background&quot;:&quot;classic&quot;}\">\n<div class=\"elementor-container elementor-column-gap-extended\">\n<div class=\"elementor-row\">\n<div class=\"elementor-element elementor-element-2690e08d sc_inner_width_none sc_layouts_column_icons_position_left elementor-column elementor-col-100 elementor-top-column\" data-id=\"2690e08d\" data-element_type=\"column\">\n<div class=\"elementor-column-wrap elementor-element-populated\">\n<div class=\"elementor-widget-wrap\">\n<div class=\"elementor-element elementor-element-2197e59b sc_fly_static elementor-widget elementor-widget-text-editor\" data-id=\"2197e59b\" data-element_type=\"widget\" data-widget_type=\"text-editor.default\">\n<div class=\"elementor-widget-container\">\n<div class=\"elementor-text-editor elementor-clearfix\">\n<h5>3. ULTERIORI INFORMAZIONI SUL TRATTAMENTO<\/h5>\n<p class=\"p1\"><strong><span class=\"s1\">Difesa in giudizio<\/span><\/strong><\/p>\n<p class=\"p2\"><span class=\"s1\">I dati personali dell\u2019Utente possono essere utilizzati per la difesa da parte del Titolare in giudizio o nelle fasi propedeutiche alla sua eventuale instaurazione, da abusi nell\u2019utilizzo della stessa o dei servizi connessi da parte dell\u2019Utente.<br \/>\nL\u2019Utente dichiara di essere consapevole che il Titolare potrebbe essere richiesto di rivelare i dati su richiesta delle pubbliche autorit\u00e0. <\/span><\/p>\n<p class=\"p1\"><strong><span class=\"s1\">Informative specifiche<\/span><\/strong><\/p>\n<p class=\"p2\"><span class=\"s1\">Su richiesta dell\u2019Utente, in aggiunta alle informazioni contenute in questa privacy policy, questo Sito potrebbe fornire all\u2019Utente delle informative aggiuntive e contestuali riguardanti servizi specifici, o la raccolta ed il trattamento di Dati Personali. <\/span><\/p>\n<p class=\"p1\"><span class=\"s1\"><b> Log di sistema e manutenzione<\/b><\/span><\/p>\n<p class=\"p1\"><span class=\"s1\">Per necessit\u00e0 legate al funzionamento ed alla manutenzione, questo Sito e gli eventuali servizi terzi da essa utilizzati potrebbero raccogliere Log di sistema, ossia file che registrano le interazioni e che possono contenere anche dati personali, quali l\u2019indirizzo IP Utente. <\/span><\/p>\n<p class=\"p2\"><span class=\"s1\"> Periodo di conservazione<\/span><\/p>\n<p class=\"p2\"><span class=\"s1\">I dati personali verranno conservati nel rispetto degli obblighi di legge e per quanto strettamente connesso alle finalit\u00e0 dei trattamenti.<\/span><\/p>\n<p class=\"p2\"><span class=\"s1\"> Destinatari dei dati<\/span><\/p>\n<p class=\"p2\"><span class=\"s1\">I dati personali non verranno diffusi. I dati personali conferiti per acquisto e ordine prodotti possono invece essere comunicati a<\/span><\/p>\n<p><span class=\"s1\">1. soggetti a cui tale comunicazione deve essere effettuata al fine di adempiere o per esigere l\u2019adempimento di specifici obblighi previsti da leggi, da regolamenti e\/o dalla normativa comunitaria;<\/span><\/p>\n<p><span class=\"s1\">2. persone fisiche e\/o giuridiche esterne che forniscono servizi strumentali alle attivit\u00e0 del Titolare (es. call center, fornitori, consulenti, societ\u00e0, enti, studi professionali). Tali soggetti opereranno in qualit\u00e0 di responsabili del trattamento.<\/span><\/p>\n<p class=\"p3\"><span class=\"s1\">Informazioni non contenute in questa policy<\/span><\/p>\n<p class=\"p1\"><span class=\"s1\">Maggiori informazioni in relazione al trattamento dei dati personali potranno essere richieste in qualsiasi momento al Titolare del Trattamento utilizzando le informazioni di contatto. <\/span><\/p>\n<p class=\"p2\"><span class=\"s1\">ESERCIZIO DEI DIRITTI DA PARTE DEGLI UTENTI<\/span><\/p>\n<p class=\"p3\"><span class=\"s1\">I soggetti cui si riferiscono i dati personali hanno il diritto in qualunque momento di ottenere la conferma dell\u2019esistenza o meno degli stessi presso il Titolare del Trattamento, di conoscerne il contenuto e l\u2019origine, di verificarne l\u2019esattezza o chiederne l\u2019integrazione, la cancellazione, l\u2019aggiornamento, la rettifica, la trasformazione in forma anonima o il blocco dei dati personali trattati in violazione di legge, nonch\u00e9 di opporsi in ogni caso, per motivi legittimi, al loro trattamento. Le richieste vanno rivolte al Titolare del Trattamento <a href=\"mailto:info@mycasaestile.it\"><span class=\"s3\">info@mycasaestile.it<\/span><\/a>. \u00c8 altres\u00ec possibile proporre reclamo all\u2019autorit\u00e0 Garante per la protezione dei dati personali (www.garanteprivacy.it)<\/span><\/p>\n<\/div>\n<\/div>\n<\/div>\n<div class=\"elementor-element elementor-element-58d2880 sc_fly_static elementor-widget elementor-widget-spacer\" data-id=\"58d2880\" data-element_type=\"widget\" data-widget_type=\"spacer.default\">\n<div class=\"elementor-widget-container\">\n<div class=\"elementor-spacer\">\n<div class=\"elementor-spacer-inner\"><\/div>\n<\/div>\n<\/div>\n<\/div>\n<\/div>\n<\/div>\n<\/div>\n<\/div>\n<\/div>\n<\/section>","protected":false},"excerpt":{"rendered":"<p>1. TITOLARE DEL TRATTAMENTO DEI DATI Casa &amp; Stile | P.IVA: 02158700746 | Sede Legale \u2013 Corso Verdi , 58 Ceglie Messapica | Cod. Agente:838 A seguito della consultazione di&#46;&#46;&#46;<\/p>","protected":false},"author":1,"featured_media":0,"parent":0,"menu_order":0,"comment_status":"closed","ping_status":"closed","template":"","meta":{"footnotes":""},"class_list":["post-676","page","type-page","status-publish","hentry"],"yoast_head":"<!-- This site is optimized with the Yoast SEO plugin v22.4 - https:\/\/yoast.com\/wordpress\/plugins\/seo\/ -->\n<title>Privacy Policy - MyCasa&amp;Stile Immobiliare<\/title>\n<meta name=\"robots\" content=\"index, follow, max-snippet:-1, max-image-preview:large, max-video-preview:-1\" \/>\n<link rel=\"canonical\" href=\"https:\/\/www.mycasaestile.it\/en\/privacy-policy-2\/\" \/>\n<meta property=\"og:locale\" content=\"en_GB\" \/>\n<meta property=\"og:type\" content=\"article\" \/>\n<meta property=\"og:title\" content=\"Privacy Policy - MyCasa&amp;Stile Immobiliare\" \/>\n<meta property=\"og:description\" content=\"1. TITOLARE DEL TRATTAMENTO DEI DATI Casa &amp; Stile | P.IVA: 02158700746 | Sede Legale \u2013 Corso Verdi , 58 Ceglie Messapica | Cod. Agente:838 A seguito della consultazione di&#046;&#046;&#046;\" \/>\n<meta property=\"og:url\" content=\"https:\/\/www.mycasaestile.it\/en\/privacy-policy-2\/\" \/>\n<meta property=\"og:site_name\" content=\"MyCasa&amp;Stile Immobiliare\" \/>\n<meta property=\"article:publisher\" content=\"https:\/\/www.facebook.com\/casaestile\" \/>\n<meta property=\"article:modified_time\" content=\"2022-04-11T20:36:05+00:00\" \/>\n<meta name=\"twitter:card\" content=\"summary_large_image\" \/>\n<meta name=\"twitter:label1\" content=\"Estimated reading time\" \/>\n\t<meta name=\"twitter:data1\" content=\"5 minutes\" \/>\n<script type=\"application\/ld+json\" class=\"yoast-schema-graph\">{\"@context\":\"https:\/\/schema.org\",\"@graph\":[{\"@type\":\"WebPage\",\"@id\":\"https:\/\/www.mycasaestile.it\/privacy-policy-2\/\",\"url\":\"https:\/\/www.mycasaestile.it\/privacy-policy-2\/\",\"name\":\"Privacy Policy - MyCasa&amp;Stile Immobiliare\",\"isPartOf\":{\"@id\":\"https:\/\/www.mycasaestile.it\/#website\"},\"datePublished\":\"2022-04-11T20:35:36+00:00\",\"dateModified\":\"2022-04-11T20:36:05+00:00\",\"breadcrumb\":{\"@id\":\"https:\/\/www.mycasaestile.it\/privacy-policy-2\/#breadcrumb\"},\"inLanguage\":\"en-GB\",\"potentialAction\":[{\"@type\":\"ReadAction\",\"target\":[\"https:\/\/www.mycasaestile.it\/privacy-policy-2\/\"]}]},{\"@type\":\"BreadcrumbList\",\"@id\":\"https:\/\/www.mycasaestile.it\/privacy-policy-2\/#breadcrumb\",\"itemListElement\":[{\"@type\":\"ListItem\",\"position\":1,\"name\":\"Home\",\"item\":\"https:\/\/www.mycasaestile.it\/\"},{\"@type\":\"ListItem\",\"position\":2,\"name\":\"Privacy Policy\"}]},{\"@type\":\"WebSite\",\"@id\":\"https:\/\/www.mycasaestile.it\/#website\",\"url\":\"https:\/\/www.mycasaestile.it\/\",\"name\":\"MyCasa&Stile Immobiliare\",\"description\":\"Gli immobili che cercavi!\",\"publisher\":{\"@id\":\"https:\/\/www.mycasaestile.it\/#organization\"},\"potentialAction\":[{\"@type\":\"SearchAction\",\"target\":{\"@type\":\"EntryPoint\",\"urlTemplate\":\"https:\/\/www.mycasaestile.it\/?s={search_term_string}\"},\"query-input\":\"required name=search_term_string\"}],\"inLanguage\":\"en-GB\"},{\"@type\":\"Organization\",\"@id\":\"https:\/\/www.mycasaestile.it\/#organization\",\"name\":\"MyCasa&Stile Immobiliare\",\"url\":\"https:\/\/www.mycasaestile.it\/\",\"logo\":{\"@type\":\"ImageObject\",\"inLanguage\":\"en-GB\",\"@id\":\"https:\/\/www.mycasaestile.it\/#\/schema\/logo\/image\/\",\"url\":\"https:\/\/www.mycasaestile.it\/wp-content\/uploads\/2023\/07\/cropped-mycasaestile.png\",\"contentUrl\":\"https:\/\/www.mycasaestile.it\/wp-content\/uploads\/2023\/07\/cropped-mycasaestile.png\",\"width\":177,\"height\":90,\"caption\":\"MyCasa&Stile Immobiliare\"},\"image\":{\"@id\":\"https:\/\/www.mycasaestile.it\/#\/schema\/logo\/image\/\"},\"sameAs\":[\"https:\/\/www.facebook.com\/casaestile\"]}]}<\/script>\n<!-- \/ Yoast SEO plugin. -->","yoast_head_json":{"title":"Privacy Policy - MyCasa&amp;Stile Immobiliare","robots":{"index":"index","follow":"follow","max-snippet":"max-snippet:-1","max-image-preview":"max-image-preview:large","max-video-preview":"max-video-preview:-1"},"canonical":"https:\/\/www.mycasaestile.it\/en\/privacy-policy-2\/","og_locale":"en_GB","og_type":"article","og_title":"Privacy Policy - MyCasa&amp;Stile Immobiliare","og_description":"1. TITOLARE DEL TRATTAMENTO DEI DATI Casa &amp; Stile | P.IVA: 02158700746 | Sede Legale \u2013 Corso Verdi , 58 Ceglie Messapica | Cod. Agente:838 A seguito della consultazione di&#46;&#46;&#46;","og_url":"https:\/\/www.mycasaestile.it\/en\/privacy-policy-2\/","og_site_name":"MyCasa&amp;Stile Immobiliare","article_publisher":"https:\/\/www.facebook.com\/casaestile","article_modified_time":"2022-04-11T20:36:05+00:00","twitter_card":"summary_large_image","twitter_misc":{"Estimated reading time":"5 minutes"},"schema":{"@context":"https:\/\/schema.org","@graph":[{"@type":"WebPage","@id":"https:\/\/www.mycasaestile.it\/privacy-policy-2\/","url":"https:\/\/www.mycasaestile.it\/privacy-policy-2\/","name":"Privacy Policy - MyCasa&amp;Stile Immobiliare","isPartOf":{"@id":"https:\/\/www.mycasaestile.it\/#website"},"datePublished":"2022-04-11T20:35:36+00:00","dateModified":"2022-04-11T20:36:05+00:00","breadcrumb":{"@id":"https:\/\/www.mycasaestile.it\/privacy-policy-2\/#breadcrumb"},"inLanguage":"en-GB","potentialAction":[{"@type":"ReadAction","target":["https:\/\/www.mycasaestile.it\/privacy-policy-2\/"]}]},{"@type":"BreadcrumbList","@id":"https:\/\/www.mycasaestile.it\/privacy-policy-2\/#breadcrumb","itemListElement":[{"@type":"ListItem","position":1,"name":"Home","item":"https:\/\/www.mycasaestile.it\/"},{"@type":"ListItem","position":2,"name":"Privacy Policy"}]},{"@type":"WebSite","@id":"https:\/\/www.mycasaestile.it\/#website","url":"https:\/\/www.mycasaestile.it\/","name":"MyCasa&Stile Immobiliare","description":"Gli immobili che cercavi!","publisher":{"@id":"https:\/\/www.mycasaestile.it\/#organization"},"potentialAction":[{"@type":"SearchAction","target":{"@type":"EntryPoint","urlTemplate":"https:\/\/www.mycasaestile.it\/?s={search_term_string}"},"query-input":"required name=search_term_string"}],"inLanguage":"en-GB"},{"@type":"Organization","@id":"https:\/\/www.mycasaestile.it\/#organization","name":"MyCasa&Stile Immobiliare","url":"https:\/\/www.mycasaestile.it\/","logo":{"@type":"ImageObject","inLanguage":"en-GB","@id":"https:\/\/www.mycasaestile.it\/#\/schema\/logo\/image\/","url":"https:\/\/www.mycasaestile.it\/wp-content\/uploads\/2023\/07\/cropped-mycasaestile.png","contentUrl":"https:\/\/www.mycasaestile.it\/wp-content\/uploads\/2023\/07\/cropped-mycasaestile.png","width":177,"height":90,"caption":"MyCasa&Stile Immobiliare"},"image":{"@id":"https:\/\/www.mycasaestile.it\/#\/schema\/logo\/image\/"},"sameAs":["https:\/\/www.facebook.com\/casaestile"]}]}},"_links":{"self":[{"href":"https:\/\/www.mycasaestile.it\/en\/wp-json\/wp\/v2\/pages\/676","targetHints":{"allow":["GET"]}}],"collection":[{"href":"https:\/\/www.mycasaestile.it\/en\/wp-json\/wp\/v2\/pages"}],"about":[{"href":"https:\/\/www.mycasaestile.it\/en\/wp-json\/wp\/v2\/types\/page"}],"author":[{"embeddable":true,"href":"https:\/\/www.mycasaestile.it\/en\/wp-json\/wp\/v2\/users\/1"}],"replies":[{"embeddable":true,"href":"https:\/\/www.mycasaestile.it\/en\/wp-json\/wp\/v2\/comments?post=676"}],"version-history":[{"count":1,"href":"https:\/\/www.mycasaestile.it\/en\/wp-json\/wp\/v2\/pages\/676\/revisions"}],"predecessor-version":[{"id":677,"href":"https:\/\/www.mycasaestile.it\/en\/wp-json\/wp\/v2\/pages\/676\/revisions\/677"}],"wp:attachment":[{"href":"https:\/\/www.mycasaestile.it\/en\/wp-json\/wp\/v2\/media?parent=676"}],"curies":[{"name":"wp","href":"https:\/\/api.w.org\/{rel}","templated":true}]}}